{"id":9540,"date":"2025-06-27T10:06:51","date_gmt":"2025-06-27T08:06:51","guid":{"rendered":"https:\/\/www.buechl-gruppe.de\/?page_id=9540"},"modified":"2025-12-02T19:46:33","modified_gmt":"2025-12-02T18:46:33","slug":"adatvedelmi-szabalyzat-2","status":"publish","type":"page","link":"https:\/\/www.buechl-gruppe.de\/hu\/adatvedelmi-szabalyzat-2\/","title":{"rendered":"Nyilatkozat a hozz\u00e1f\u00e9rhet\u0151s\u00e9gr\u0151l"},"content":{"rendered":"\t\t<div data-elementor-type=\"wp-page\" data-elementor-id=\"9540\" class=\"elementor elementor-9540 elementor-9538\" data-elementor-post-type=\"page\">\n\t\t\t\t<div class=\"elementor-element elementor-element-ed4c9e1 e-flex e-con-boxed e-con e-parent\" data-id=\"ed4c9e1\" data-element_type=\"container\" data-e-type=\"container\" data-settings=\"{&quot;jet_parallax_layout_list&quot;:[]}\">\n\t\t\t\t\t<div class=\"e-con-inner\">\n\t\t\t\t<div class=\"elementor-element elementor-element-e9f3b27 elementor-widget elementor-widget-text-editor\" data-id=\"e9f3b27\" data-element_type=\"widget\" data-e-type=\"widget\" data-widget_type=\"text-editor.default\">\n\t\t\t\t<div class=\"elementor-widget-container\">\n\t\t\t\t\t\t\t\t\t<h3>Nyilatkozat a hozz\u00e1f\u00e9rhet\u0151s\u00e9gr\u0151l<\/h3><p>A weboldal \u00fczemeltet\u0151jek\u00e9nt mi (B\u00dcCHL Verwaltungs GmbH) arra t\u00f6reksz\u00fcnk, hogy a weboldalt a vonatkoz\u00f3 akad\u00e1lymentes\u00edt\u00e9si el\u0151\u00edr\u00e1soknak megfelel\u0151en alak\u00edtsuk ki. A k\u00f6vetkez\u0151 jogi rendelkez\u00e9sek vonatkoznak r\u00e1nk:<\/p><p>A fogyat\u00e9koss\u00e1ggal \u00e9l\u0151 szem\u00e9lyek egyenl\u0151s\u00e9g\u00e9r\u0151l, integr\u00e1ci\u00f3j\u00e1r\u00f3l \u00e9s r\u00e9szv\u00e9tel\u00e9r\u0151l sz\u00f3l\u00f3 bajor t\u00f6rv\u00e9ny (bajor fogyat\u00e9koss\u00e1gi egyenl\u0151s\u00e9gi t\u00f6rv\u00e9ny &#8211; BayBGG) \u00e9s a bajor akad\u00e1lymentes inform\u00e1ci\u00f3s technol\u00f3giai rendelet (BayBITV).<\/p><h4>Honlap<\/h4><p>Ez az akad\u00e1lymentes\u00edt\u00e9si nyilatkozat a www.buechl-gruppe.de weboldalra vonatkozik.<\/p><h4>A weboldal legut\u00f3bbi friss\u00edt\u00e9se<\/h4><p>A weboldal tartalm\u00e1t legut\u00f3bb 2025. j\u00fanius 27-\u00e9n m\u00f3dos\u00edtott\u00e1k.<\/p><h4>Visszajelz\u00e9sek \u00e9s el\u00e9rhet\u0151s\u00e9gek<\/h4><p>\u00c9szrevett b\u00e1rmilyen hi\u00e1nyoss\u00e1got a weboldalunk tartalm\u00e1nak hozz\u00e1f\u00e9rhet\u0151s\u00e9g\u00e9ben, vagy van b\u00e1rmilyen megjegyz\u00e9se vagy k\u00e9rd\u00e9se a hozz\u00e1f\u00e9rhet\u0151s\u00e9ggel kapcsolatban? K\u00e9rj\u00fck, vegye fel vel\u00fcnk a kapcsolatot az al\u00e1bbi c\u00edmen:<\/p><p>B\u00dcCHL Verwaltungs GmbH<br>Robert-Bosch-Stra\u00dfe 1-5<br>85053 Ingolstadt<br>+498419646150<br>info@buechl.de +498419646150 info@buechl.de<\/p><h4>A k\u00f6vetelm\u00e9nyekkel val\u00f3 \u00f6sszeegyeztethet\u0151s\u00e9g \u00e1llapota<\/h4><p>Ez a weboldal nem felel meg teljes m\u00e9rt\u00e9kben a r\u00e1nk vonatkoz\u00f3 akad\u00e1lymentes\u00edt\u00e9si el\u0151\u00edr\u00e1soknak. R\u00e9szletesen:<\/p><p>\u00d6sszeegyeztethetetlens\u00e9g az akad\u00e1lymentes\u00edt\u00e9sre vonatkoz\u00f3 jogszab\u00e1lyokkal<br>Az al\u00e1bbiakban felsorolt tartalmak nem egyeztethet\u0151k \u00f6ssze a vonatkoz\u00f3 akad\u00e1lymentes\u00edt\u00e9si jogszab\u00e1lyokkal:<\/p><ul><li>Kapcsolatfelv\u00e9teli \u0171rlapok (hi\u00e1nyz\u00f3 vagy el\u00e9gtelen c\u00edmke hozz\u00e1rendel\u00e9s)<\/li><li>Alternat\u00edv sz\u00f6vegek \u00e9s k\u00e9ple\u00edr\u00e1sok (r\u00e9szben nem \u00e1llnak rendelkez\u00e9sre vagy nem elegend\u0151ek)<\/li><\/ul><p>Ar\u00e1nytalan teher<br>Az al\u00e1bbi tartalmakat nem hozz\u00e1f\u00e9rhet\u0151 form\u00e1tumban adjuk meg, mivel ez ar\u00e1nytalan terhet jelentene sz\u00e1munkra:<\/p><ul><li>Vide\u00f3k (hi\u00e1nyz\u00f3 feliratok, hi\u00e1nyz\u00f3 hangle\u00edr\u00e1s)<\/li><li>PDF dokumentumok (nem mindenhol akad\u00e1lymentes\u00edtettek)<\/li><li>Tartalom egyszer\u0171 nyelven \u00e9s jelnyelven.<\/li><\/ul><p>\u00c9rt\u00e9kel\u00e9si m\u00f3dszer<br>\u00d6n\u00e9rt\u00e9kel\u00e9s<\/p><p>Tov\u00e1bbi int\u00e9zked\u00e9sek honlapunk hozz\u00e1f\u00e9rhet\u0151s\u00e9g\u00e9nek jav\u00edt\u00e1s\u00e1ra<br>Folyamatosan t\u00f6reksz\u00fcnk honlapunk hozz\u00e1f\u00e9rhet\u0151s\u00e9g\u00e9nek jav\u00edt\u00e1s\u00e1ra. Jelenleg a k\u00f6vetkez\u0151ket tessz\u00fck:<\/p><p>Folyamatosan dolgozunk azon, hogy m\u00e9g befogad\u00f3bb honlapot hozzunk l\u00e9tre, hogy minden embercsoportot egyform\u00e1n bevonjunk.  <\/p><p>Jog\u00e9rv\u00e9nyes\u00edt\u00e9si elj\u00e1r\u00e1s<br>Ha \u00fagy v\u00e9li, hogy \u00d6nt h\u00e1tr\u00e1ny \u00e9rte honlapunk nem megfelel\u0151 akad\u00e1lymentess\u00e9ge miatt, forduljon az illet\u00e9kes jog\u00e9rv\u00e9nyes\u00edt\u0151 szervhez. A k\u00f6vetkez\u0151 c\u00edmen \u00e9rheti el \u0151ket:<\/p><p>Digitaliz\u00e1ci\u00f3s, Sz\u00e9less\u00e1v\u00fa \u00e9s F\u00f6ldm\u00e9r\u00e9si \u00c1llami Hivatal<br>Bajororsz\u00e1g Szabad\u00e1llam Informatikai Szolg\u00e1ltat\u00f3 K\u00f6zpontja<br>Az akad\u00e1lymentes informatika v\u00e9grehajt\u00e1si \u00e9s fel\u00fcgyeleti k\u00f6zpontja<br>St-Martin-Stra\u00dfe 47<br>81541 M\u00fcnchen<br>E-mail: bitv@bayern.de.<\/p><h4>E hozz\u00e1f\u00e9rhet\u0151s\u00e9gi nyilatkozat elk\u00e9sz\u00edt\u00e9se<\/h4><p>Ezt a nyilatkozatot 2025. j\u00fanius 27-\u00e9n hozt\u00e1k l\u00e9tre.<br>A nyilatkozatot utolj\u00e1ra 2025. j\u00fanius 27-\u00e9n ellen\u0151rizt\u00e9k.<br>Forr\u00e1s: eRecht24<br>A BF-r\u0151l sz\u00f3l\u00f3 nyilatkozatot telep\u00edtett\u00e9k \u00e9s a l\u00e1bl\u00e9cbe tett\u00e9k:<br>B\u00dcCHL Verwaltungs GmbH.<\/p>\t\t\t\t\t\t\t\t<\/div>\n\t\t\t\t<\/div>\n\t\t\t\t\t<\/div>\n\t\t\t\t<\/div>\n\t\t\t\t<\/div>\n\t\t","protected":false},"excerpt":{"rendered":"<p>Nyilatkozat a hozz\u00e1f\u00e9rhet\u0151s\u00e9gr\u0151l A weboldal \u00fczemeltet\u0151jek\u00e9nt mi (B\u00dcCHL Verwaltungs GmbH) arra t\u00f6reksz\u00fcnk, hogy a weboldalt a vonatkoz\u00f3 akad\u00e1lymentes\u00edt\u00e9si el\u0151\u00edr\u00e1soknak megfelel\u0151en alak\u00edtsuk ki. A k\u00f6vetkez\u0151 jogi rendelkez\u00e9sek vonatkoznak r\u00e1nk: A fogyat\u00e9koss\u00e1ggal \u00e9l\u0151 szem\u00e9lyek egyenl\u0151s\u00e9g\u00e9r\u0151l, integr\u00e1ci\u00f3j\u00e1r\u00f3l \u00e9s r\u00e9szv\u00e9tel\u00e9r\u0151l sz\u00f3l\u00f3 bajor t\u00f6rv\u00e9ny (bajor fogyat\u00e9koss\u00e1gi egyenl\u0151s\u00e9gi t\u00f6rv\u00e9ny &#8211; BayBGG) \u00e9s a bajor akad\u00e1lymentes inform\u00e1ci\u00f3s technol\u00f3giai rendelet (BayBITV). Honlap Ez [&hellip;]<\/p>\n","protected":false},"author":4,"featured_media":0,"parent":0,"menu_order":0,"comment_status":"closed","ping_status":"closed","template":"elementor_header_footer","meta":{"footnotes":""},"class_list":["post-9540","page","type-page","status-publish","hentry"],"yoast_head":"<!-- This site is optimized with the Yoast SEO plugin v27.3 - https:\/\/yoast.com\/product\/yoast-seo-wordpress\/ -->\n<title>Nyilatkozat a hozz\u00e1f\u00e9rhet\u0151s\u00e9gr\u0151l - B\u00fcchl Gruppe<\/title>\n<meta name=\"description\" content=\"Itt tal\u00e1lja a B\u00dcCHL Csoport weboldal\u00e1nak adatv\u00e9delmi szab\u00e1lyzat\u00e1t.\" \/>\n<meta name=\"robots\" content=\"index, follow, max-snippet:-1, max-image-preview:large, max-video-preview:-1\" \/>\n<link rel=\"canonical\" href=\"https:\/\/www.buechl-gruppe.de\/hu\/adatvedelmi-szabalyzat-2\/\" \/>\n<meta property=\"og:locale\" content=\"hu_HU\" \/>\n<meta property=\"og:type\" content=\"article\" \/>\n<meta property=\"og:title\" content=\"Nyilatkozat a hozz\u00e1f\u00e9rhet\u0151s\u00e9gr\u0151l - B\u00fcchl Gruppe\" \/>\n<meta property=\"og:description\" content=\"Itt tal\u00e1lja a B\u00dcCHL Csoport weboldal\u00e1nak adatv\u00e9delmi szab\u00e1lyzat\u00e1t.\" \/>\n<meta property=\"og:url\" content=\"https:\/\/www.buechl-gruppe.de\/hu\/adatvedelmi-szabalyzat-2\/\" \/>\n<meta property=\"og:site_name\" content=\"B\u00fcchl Gruppe\" \/>\n<meta property=\"article:modified_time\" content=\"2025-12-02T18:46:33+00:00\" \/>\n<meta name=\"twitter:card\" content=\"summary_large_image\" \/>\n<meta name=\"twitter:label1\" content=\"Becs\u00fclt olvas\u00e1si id\u0151\" \/>\n\t<meta name=\"twitter:data1\" content=\"3 perc\" \/>\n<script type=\"application\/ld+json\" class=\"yoast-schema-graph\">{\"@context\":\"https:\\\/\\\/schema.org\",\"@graph\":[{\"@type\":\"WebPage\",\"@id\":\"https:\\\/\\\/www.buechl-gruppe.de\\\/hu\\\/adatvedelmi-szabalyzat-2\\\/\",\"url\":\"https:\\\/\\\/www.buechl-gruppe.de\\\/hu\\\/adatvedelmi-szabalyzat-2\\\/\",\"name\":\"Nyilatkozat a hozz\u00e1f\u00e9rhet\u0151s\u00e9gr\u0151l - B\u00fcchl Gruppe\",\"isPartOf\":{\"@id\":\"https:\\\/\\\/www.buechl-gruppe.de\\\/#website\"},\"datePublished\":\"2025-06-27T08:06:51+00:00\",\"dateModified\":\"2025-12-02T18:46:33+00:00\",\"description\":\"Itt tal\u00e1lja a B\u00dcCHL Csoport weboldal\u00e1nak adatv\u00e9delmi szab\u00e1lyzat\u00e1t.\",\"breadcrumb\":{\"@id\":\"https:\\\/\\\/www.buechl-gruppe.de\\\/hu\\\/adatvedelmi-szabalyzat-2\\\/#breadcrumb\"},\"inLanguage\":\"hu\",\"potentialAction\":[{\"@type\":\"ReadAction\",\"target\":[\"https:\\\/\\\/www.buechl-gruppe.de\\\/hu\\\/adatvedelmi-szabalyzat-2\\\/\"]}]},{\"@type\":\"BreadcrumbList\",\"@id\":\"https:\\\/\\\/www.buechl-gruppe.de\\\/hu\\\/adatvedelmi-szabalyzat-2\\\/#breadcrumb\",\"itemListElement\":[{\"@type\":\"ListItem\",\"position\":1,\"name\":\"Startseite\",\"item\":\"https:\\\/\\\/www.buechl-gruppe.de\\\/\"},{\"@type\":\"ListItem\",\"position\":2,\"name\":\"Nyilatkozat a hozz\u00e1f\u00e9rhet\u0151s\u00e9gr\u0151l\"}]},{\"@type\":\"WebSite\",\"@id\":\"https:\\\/\\\/www.buechl-gruppe.de\\\/#website\",\"url\":\"https:\\\/\\\/www.buechl-gruppe.de\\\/\",\"name\":\"B\u00fcchl Gruppe\",\"description\":\"\",\"publisher\":{\"@id\":\"https:\\\/\\\/www.buechl-gruppe.de\\\/#organization\"},\"potentialAction\":[{\"@type\":\"SearchAction\",\"target\":{\"@type\":\"EntryPoint\",\"urlTemplate\":\"https:\\\/\\\/www.buechl-gruppe.de\\\/?s={search_term_string}\"},\"query-input\":{\"@type\":\"PropertyValueSpecification\",\"valueRequired\":true,\"valueName\":\"search_term_string\"}}],\"inLanguage\":\"hu\"},{\"@type\":\"Organization\",\"@id\":\"https:\\\/\\\/www.buechl-gruppe.de\\\/#organization\",\"name\":\"B\u00fcchl Gruppe\",\"url\":\"https:\\\/\\\/www.buechl-gruppe.de\\\/\",\"logo\":{\"@type\":\"ImageObject\",\"inLanguage\":\"hu\",\"@id\":\"https:\\\/\\\/www.buechl-gruppe.de\\\/#\\\/schema\\\/logo\\\/image\\\/\",\"url\":\"https:\\\/\\\/www.buechl-gruppe.de\\\/wp-content\\\/uploads\\\/2024\\\/09\\\/Logos-4-1.png\",\"contentUrl\":\"https:\\\/\\\/www.buechl-gruppe.de\\\/wp-content\\\/uploads\\\/2024\\\/09\\\/Logos-4-1.png\",\"width\":300,\"height\":98,\"caption\":\"B\u00fcchl Gruppe\"},\"image\":{\"@id\":\"https:\\\/\\\/www.buechl-gruppe.de\\\/#\\\/schema\\\/logo\\\/image\\\/\"}}]}<\/script>\n<!-- \/ Yoast SEO plugin. -->","yoast_head_json":{"title":"Nyilatkozat a hozz\u00e1f\u00e9rhet\u0151s\u00e9gr\u0151l - B\u00fcchl Gruppe","description":"Itt tal\u00e1lja a B\u00dcCHL Csoport weboldal\u00e1nak adatv\u00e9delmi szab\u00e1lyzat\u00e1t.","robots":{"index":"index","follow":"follow","max-snippet":"max-snippet:-1","max-image-preview":"max-image-preview:large","max-video-preview":"max-video-preview:-1"},"canonical":"https:\/\/www.buechl-gruppe.de\/hu\/adatvedelmi-szabalyzat-2\/","og_locale":"hu_HU","og_type":"article","og_title":"Nyilatkozat a hozz\u00e1f\u00e9rhet\u0151s\u00e9gr\u0151l - B\u00fcchl Gruppe","og_description":"Itt tal\u00e1lja a B\u00dcCHL Csoport weboldal\u00e1nak adatv\u00e9delmi szab\u00e1lyzat\u00e1t.","og_url":"https:\/\/www.buechl-gruppe.de\/hu\/adatvedelmi-szabalyzat-2\/","og_site_name":"B\u00fcchl Gruppe","article_modified_time":"2025-12-02T18:46:33+00:00","twitter_card":"summary_large_image","twitter_misc":{"Becs\u00fclt olvas\u00e1si id\u0151":"3 perc"},"schema":{"@context":"https:\/\/schema.org","@graph":[{"@type":"WebPage","@id":"https:\/\/www.buechl-gruppe.de\/hu\/adatvedelmi-szabalyzat-2\/","url":"https:\/\/www.buechl-gruppe.de\/hu\/adatvedelmi-szabalyzat-2\/","name":"Nyilatkozat a hozz\u00e1f\u00e9rhet\u0151s\u00e9gr\u0151l - B\u00fcchl Gruppe","isPartOf":{"@id":"https:\/\/www.buechl-gruppe.de\/#website"},"datePublished":"2025-06-27T08:06:51+00:00","dateModified":"2025-12-02T18:46:33+00:00","description":"Itt tal\u00e1lja a B\u00dcCHL Csoport weboldal\u00e1nak adatv\u00e9delmi szab\u00e1lyzat\u00e1t.","breadcrumb":{"@id":"https:\/\/www.buechl-gruppe.de\/hu\/adatvedelmi-szabalyzat-2\/#breadcrumb"},"inLanguage":"hu","potentialAction":[{"@type":"ReadAction","target":["https:\/\/www.buechl-gruppe.de\/hu\/adatvedelmi-szabalyzat-2\/"]}]},{"@type":"BreadcrumbList","@id":"https:\/\/www.buechl-gruppe.de\/hu\/adatvedelmi-szabalyzat-2\/#breadcrumb","itemListElement":[{"@type":"ListItem","position":1,"name":"Startseite","item":"https:\/\/www.buechl-gruppe.de\/"},{"@type":"ListItem","position":2,"name":"Nyilatkozat a hozz\u00e1f\u00e9rhet\u0151s\u00e9gr\u0151l"}]},{"@type":"WebSite","@id":"https:\/\/www.buechl-gruppe.de\/#website","url":"https:\/\/www.buechl-gruppe.de\/","name":"B\u00fcchl Gruppe","description":"","publisher":{"@id":"https:\/\/www.buechl-gruppe.de\/#organization"},"potentialAction":[{"@type":"SearchAction","target":{"@type":"EntryPoint","urlTemplate":"https:\/\/www.buechl-gruppe.de\/?s={search_term_string}"},"query-input":{"@type":"PropertyValueSpecification","valueRequired":true,"valueName":"search_term_string"}}],"inLanguage":"hu"},{"@type":"Organization","@id":"https:\/\/www.buechl-gruppe.de\/#organization","name":"B\u00fcchl Gruppe","url":"https:\/\/www.buechl-gruppe.de\/","logo":{"@type":"ImageObject","inLanguage":"hu","@id":"https:\/\/www.buechl-gruppe.de\/#\/schema\/logo\/image\/","url":"https:\/\/www.buechl-gruppe.de\/wp-content\/uploads\/2024\/09\/Logos-4-1.png","contentUrl":"https:\/\/www.buechl-gruppe.de\/wp-content\/uploads\/2024\/09\/Logos-4-1.png","width":300,"height":98,"caption":"B\u00fcchl Gruppe"},"image":{"@id":"https:\/\/www.buechl-gruppe.de\/#\/schema\/logo\/image\/"}}]}},"_links":{"self":[{"href":"https:\/\/www.buechl-gruppe.de\/hu\/wp-json\/wp\/v2\/pages\/9540","targetHints":{"allow":["GET"]}}],"collection":[{"href":"https:\/\/www.buechl-gruppe.de\/hu\/wp-json\/wp\/v2\/pages"}],"about":[{"href":"https:\/\/www.buechl-gruppe.de\/hu\/wp-json\/wp\/v2\/types\/page"}],"author":[{"embeddable":true,"href":"https:\/\/www.buechl-gruppe.de\/hu\/wp-json\/wp\/v2\/users\/4"}],"replies":[{"embeddable":true,"href":"https:\/\/www.buechl-gruppe.de\/hu\/wp-json\/wp\/v2\/comments?post=9540"}],"version-history":[{"count":4,"href":"https:\/\/www.buechl-gruppe.de\/hu\/wp-json\/wp\/v2\/pages\/9540\/revisions"}],"predecessor-version":[{"id":9921,"href":"https:\/\/www.buechl-gruppe.de\/hu\/wp-json\/wp\/v2\/pages\/9540\/revisions\/9921"}],"wp:attachment":[{"href":"https:\/\/www.buechl-gruppe.de\/hu\/wp-json\/wp\/v2\/media?parent=9540"}],"curies":[{"name":"wp","href":"https:\/\/api.w.org\/{rel}","templated":true}]}}